{"id":17,"date":"2017-12-05T20:40:27","date_gmt":"2017-12-05T20:40:27","guid":{"rendered":"https:\/\/www.nuriacarmona.es\/libro\/?page_id=17"},"modified":"2021-02-17T14:49:02","modified_gmt":"2021-02-17T14:49:02","slug":"home","status":"publish","type":"page","link":"https:\/\/www.nuriacarmona.es\/libro\/","title":{"rendered":"Comprar libro liderazgo consciente para profesionales inquietas"},"content":{"rendered":"<p><div id=\"#intro\"><div class=\"fusion-fullwidth fullwidth-box fusion-builder-row-1 fusion-flex-container nonhundred-percent-fullwidth non-hundred-percent-height-scrolling\" style=\"background-color: rgba(255,255,255,0);background-position: center center;background-repeat: no-repeat;border-width: 0px 0px 0px 0px;border-color:#eae9e9;border-style:solid;\" ><div class=\"fusion-builder-row fusion-row fusion-flex-align-items-flex-start\" style=\"max-width:1216.8px;margin-left: calc(-4% \/ 2 );margin-right: calc(-4% \/ 2 );\"><div class=\"fusion-layout-column fusion_builder_column fusion-builder-column-0 fusion_builder_column_1_1 1_1 fusion-flex-column\"><div class=\"fusion-column-wrapper fusion-flex-justify-content-flex-start fusion-content-layout-column\" style=\"background-position:left top;background-repeat:no-repeat;-webkit-background-size:cover;-moz-background-size:cover;-o-background-size:cover;background-size:cover;padding: 0px 0px 0px 0px;\"><style type=\"text\/css\">@media only screen and (max-width:1024px) {.fusion-title.fusion-title-1{margin-top:0px!important;margin-bottom:31px!important;}}<\/style><div class=\"fusion-title title fusion-title-1 fusion-title-text fusion-title-size-five\" style=\"margin-top:0px;margin-bottom:31px;\"><div class=\"title-sep-container title-sep-container-left fusion-no-large-visibility fusion-no-medium-visibility fusion-no-small-visibility\"><div class=\"title-sep sep-\" style=\"border-color:#e0dede;\"><\/div><\/div><h5 class=\"title-heading-left\" style=\"margin:0;\"><h2 style=\"text-align: center;\">El libro con el que aprender\u00e1s a liderar tu vida personal y profesional<\/h2><\/h5><div class=\"title-sep-container title-sep-container-right\"><div class=\"title-sep sep-\" style=\"border-color:#e0dede;\"><\/div><\/div><\/div><style type=\"text\/css\">@media only screen and (max-width:1024px) {.fusion-title.fusion-title-2{margin-top:0px!important;margin-bottom:31px!important;}}<\/style><div class=\"fusion-title title fusion-title-2 fusion-title-center fusion-title-text fusion-title-size-five\" style=\"font-size:20px;margin-top:0px;margin-bottom:31px;\"><div class=\"title-sep-container title-sep-container-left\"><div class=\"title-sep sep-\" style=\"border-color:#e0dede;\"><\/div><\/div><h5 class=\"title-heading-center\" style=\"margin:0;font-size:1em;\"><p style=\"text-align: center; font-size: 28px;\">Porque es posible inspirar, motivar y guiar a tu entorno desde tu esencia y autenticidad<\/p><\/h5><div class=\"title-sep-container title-sep-container-right\"><div class=\"title-sep sep-\" style=\"border-color:#e0dede;\"><\/div><\/div><\/div><div class=\"fusion-separator fusion-full-width-sep\" style=\"align-self: center;margin-left: auto;margin-right: auto;margin-top:100px;width:100%;\"><\/div><\/div><\/div><style type=\"text\/css\">.fusion-body .fusion-builder-column-0{width:100% !important;margin-top : 0px;margin-bottom : 20px;}.fusion-builder-column-0 > .fusion-column-wrapper {padding-top : 0px !important;padding-right : 0px !important;margin-right : 1.92%;padding-bottom : 0px !important;padding-left : 0px !important;margin-left : 1.92%;}@media only screen and (max-width:1024px) {.fusion-body .fusion-builder-column-0{width:100% !important;}.fusion-builder-column-0 > .fusion-column-wrapper {margin-right : 1.92%;margin-left : 1.92%;}}@media only screen and (max-width:640px) {.fusion-body .fusion-builder-column-0{width:100% !important;}.fusion-builder-column-0 > .fusion-column-wrapper {margin-right : 1.92%;margin-left : 1.92%;}}<\/style><\/div><style type=\"text\/css\">.fusion-body .fusion-flex-container.fusion-builder-row-1{ padding-top : 60px;margin-top : 0px;padding-right : 0px;padding-bottom : 0px;margin-bottom : 0px;padding-left : 0px;}@media only screen and (max-width:640px) {.fusion-body .fusion-flex-container.fusion-builder-row-1{ padding-top : 80px;}}<\/style><\/div><\/div><div class=\"fusion-fullwidth fullwidth-box fusion-builder-row-2 fusion-flex-container nonhundred-percent-fullwidth non-hundred-percent-height-scrolling\" style=\"background-color: rgba(255,255,255,0);background-position: center center;background-repeat: no-repeat;border-width: 0px 0px 0px 0px;border-color:#eae9e9;border-style:solid;\" ><div class=\"fusion-builder-row fusion-row fusion-flex-align-items-stretch\" style=\"max-width:calc( 1170px + 0px );margin-left: calc(-0px \/ 2 );margin-right: calc(-0px \/ 2 );\"><div class=\"fusion-layout-column fusion_builder_column fusion-builder-column-1 fusion_builder_column_1_2 1_2 fusion-flex-column\"><div class=\"fusion-column-wrapper fusion-flex-justify-content-center fusion-content-layout-column\" style=\"background-position:left top;background-repeat:no-repeat;-webkit-background-size:cover;-moz-background-size:cover;-o-background-size:cover;background-size:cover;background-color:#f9f9f9;border-width: 0px 0 0 0;border-color:#2f576f;border-style:solid;padding: 15% 15% 15% 15%;\"><div class=\"fusion-text fusion-text-1\" style=\"transform:translate3d(0,0,0);\"><p><span style=\"font-size: 20px;\">Es posible que, a veces, te cuestiones tu liderazgo<\/span><\/p>\n<\/div><style type=\"text\/css\">@media only screen and (max-width:1024px) {.fusion-title.fusion-title-3{margin-top:0px!important;margin-bottom:31px!important;}}<\/style><div class=\"fusion-title title fusion-title-3 fusion-title-text fusion-title-size-six\" style=\"margin-top:0px;margin-bottom:31px;\"><div class=\"title-sep-container title-sep-container-left fusion-no-large-visibility fusion-no-medium-visibility fusion-no-small-visibility\"><div class=\"title-sep sep-\" style=\"border-color:#e0dede;\"><\/div><\/div><h6 class=\"title-heading-left\" style=\"margin:0;\">Si tienes un negocio propio, o bien, si est\u00e1s al frente de un equipo, y sientes que tu crecimiento personal va ligado a tu profesi\u00f3n, habr\u00e1 momentos en que necesites mirar hacia dentro para mejorar aquello que proyectas hacia fuera. Porque, para liderar de forma consciente, el punto de partida ser\u00e1 comprenderte a ti misma: qui\u00e9n eres, qu\u00e9 sientes y qu\u00e9 es lo que quieres.<\/h6><div class=\"title-sep-container title-sep-container-right\"><div class=\"title-sep sep-\" style=\"border-color:#e0dede;\"><\/div><\/div><\/div><div class=\"fusion-separator fusion-full-width-sep\" style=\"align-self: center;margin-left: auto;margin-right: auto;margin-top:25px;width:100%;\"><\/div><div ><style type=\"text\/css\">.fusion-button.button-1 {border-radius:2px;}<\/style><a class=\"fusion-button button-flat button-xlarge button-default button-1 fusion-button-span-yes fusion-button-default-type\" target=\"_blank\" rel=\"noopener noreferrer\" href=\"https:\/\/www.nuriacarmona.es\/libro\/producto\/liderazgo-consciente-para-profesionales-inquietas\/\"><i class=\"fa-rocket fas button-icon-left\" aria-hidden=\"true\"><\/i><span class=\"fusion-button-text\">Comprar libro<\/span><\/a><\/div><\/div><\/div><style type=\"text\/css\">.fusion-body .fusion-builder-column-1{width:50% !important;margin-top : 0px;margin-bottom : 20px;}.fusion-builder-column-1 > .fusion-column-wrapper {padding-top : 15% !important;padding-right : 15% !important;margin-right : 0px;padding-bottom : 15% !important;padding-left : 15% !important;margin-left : 0px;}@media only screen and (max-width:1024px) {.fusion-body .fusion-builder-column-1{width:100% !important;}.fusion-builder-column-1 > .fusion-column-wrapper {padding-top : 80px !important;padding-right : 60px !important;margin-right : 0px;padding-bottom : 80px !important;padding-left : 60px !important;margin-left : 0px;}}@media only screen and (max-width:640px) {.fusion-body .fusion-builder-column-1{width:100% !important;}.fusion-builder-column-1 > .fusion-column-wrapper {margin-right : 0px;margin-left : 0px;}}<\/style><div class=\"fusion-layout-column fusion_builder_column fusion-builder-column-2 fusion_builder_column_1_2 1_2 fusion-flex-column\"><div class=\"fusion-column-wrapper fusion-flex-justify-content-center fusion-content-layout-column\" style=\"background-image: url(&#039;https:\/\/www.nuriacarmona.es\/libro\/wp-content\/uploads\/2021\/02\/Yo-de-pie-sujentando-el-libro2-684x1024.jpg&#039;);background-position:center center;background-repeat:no-repeat;-webkit-background-size:cover;-moz-background-size:cover;-o-background-size:cover;background-size:cover;padding: 0px 0px 0px 0px;\" data-bg-url=\"https:\/\/www.nuriacarmona.es\/libro\/wp-content\/uploads\/2021\/02\/Yo-de-pie-sujentando-el-libro2-684x1024.jpg\"><\/div><\/div><style type=\"text\/css\">.fusion-body .fusion-builder-column-2{width:50% !important;margin-top : 0px;margin-bottom : 20px;}.fusion-builder-column-2 > .fusion-column-wrapper {padding-top : 0px !important;padding-right : 0px !important;margin-right : 0px;padding-bottom : 0px !important;padding-left : 0px !important;margin-left : 0px;}@media only screen and (max-width:1024px) {.fusion-body .fusion-builder-column-2{width:100% !important;order : 0;}.fusion-builder-column-2 > .fusion-column-wrapper {padding-top : 200px !important;margin-right : 0px;padding-bottom : 200px !important;margin-left : 0px;}}@media only screen and (max-width:640px) {.fusion-body .fusion-builder-column-2{width:100% !important;order : 0;}.fusion-builder-column-2 > .fusion-column-wrapper {margin-right : 0px;margin-left : 0px;}}<\/style><\/div><style type=\"text\/css\">.fusion-body .fusion-flex-container.fusion-builder-row-2{ padding-top : 0px;margin-top : 0px;padding-right : 0px;padding-bottom : 70px;margin-bottom : 0px;padding-left : 0px;}@media only screen and (max-width:640px) {.fusion-body .fusion-flex-container.fusion-builder-row-2{ padding-bottom : 80px;}}<\/style><\/div><div class=\"fusion-fullwidth fullwidth-box fusion-builder-row-3 fusion-flex-container fusion-parallax-none nonhundred-percent-fullwidth non-hundred-percent-height-scrolling\" style=\"background-color: rgba(255,255,255,0);background-image: url(&quot;https:\/\/www.nuriacarmona.es\/libro\/wp-content\/uploads\/2021\/02\/libro2.jpg&quot;);background-position: center center;background-repeat: no-repeat;border-width: 0px 0px 0px 0px;border-color:#eae9e9;border-style:solid;-webkit-background-size:cover;-moz-background-size:cover;-o-background-size:cover;background-size:cover;\" ><div class=\"fusion-builder-row fusion-row fusion-flex-align-items-flex-start\" style=\"max-width:1216.8px;margin-left: calc(-4% \/ 2 );margin-right: calc(-4% \/ 2 );\"><div class=\"fusion-layout-column fusion_builder_column fusion-builder-column-3 fusion_builder_column_1_1 1_1 fusion-flex-column\"><div class=\"fusion-column-wrapper fusion-flex-justify-content-flex-start fusion-content-layout-column\" style=\"background-position:left top;background-repeat:no-repeat;-webkit-background-size:cover;-moz-background-size:cover;-o-background-size:cover;background-size:cover;border-width: 0px 0px 0px 0px;border-color:#92c4d5;border-style:solid;padding: 0px 0px 0px 0px;\"><style type=\"text\/css\">@media only screen and (max-width:1024px) {.fusion-title.fusion-title-4{margin-top:0px!important;margin-bottom:52px!important;}}<\/style><div class=\"fusion-title title fusion-title-4 fusion-title-center fusion-title-text fusion-title-size-two\" style=\"margin-top:0px;margin-bottom:52px;\"><div class=\"title-sep-container title-sep-container-left\"><div class=\"title-sep sep-\" style=\"border-color:#e0dede;\"><\/div><\/div><h2 class=\"title-heading-center\" style=\"margin:0;color:#ffffff;\">Este libro te acompa\u00f1ar\u00e1 a lo largo del recorrido personal que te impulsar\u00e1 a ejercer el liderazgo que t\u00fa deseas<\/h2><div class=\"title-sep-container title-sep-container-right\"><div class=\"title-sep sep-\" style=\"border-color:#e0dede;\"><\/div><\/div><\/div><\/div><\/div><style type=\"text\/css\">.fusion-body .fusion-builder-column-3{width:100% !important;margin-top : 0px;margin-bottom : 20px;}.fusion-builder-column-3 > .fusion-column-wrapper {padding-top : 0px !important;padding-right : 0px !important;margin-right : 1.92%;padding-bottom : 0px !important;padding-left : 0px !important;margin-left : 1.92%;}@media only screen and (max-width:1024px) {.fusion-body .fusion-builder-column-3{width:83.333333333333% !important;}.fusion-builder-column-3 > .fusion-column-wrapper {margin-right : 2.304%;margin-left : 2.304%;}}@media only screen and (max-width:640px) {.fusion-body .fusion-builder-column-3{width:100% !important;}.fusion-builder-column-3 > .fusion-column-wrapper {margin-right : 1.92%;margin-left : 1.92%;}}<\/style><\/div><style type=\"text\/css\">.fusion-body .fusion-flex-container.fusion-builder-row-3{ padding-top : 130px;margin-top : 0px;padding-right : 0px;padding-bottom : 130px;margin-bottom : 0px;padding-left : 0px;}<\/style><\/div><div class=\"fusion-fullwidth fullwidth-box fusion-builder-row-4 fusion-flex-container nonhundred-percent-fullwidth non-hundred-percent-height-scrolling\" style=\"background-color: rgba(255,255,255,0);background-position: center center;background-repeat: no-repeat;border-width: 0px 0px 0px 0px;border-color:#eae9e9;border-style:solid;\" ><div class=\"fusion-builder-row fusion-row fusion-flex-align-items-stretch\" style=\"max-width:calc( 1170px + 0px );margin-left: calc(-0px \/ 2 );margin-right: calc(-0px \/ 2 );\"><div class=\"fusion-layout-column fusion_builder_column fusion-builder-column-4 fusion_builder_column_1_2 1_2 fusion-flex-column\"><div class=\"fusion-column-wrapper fusion-flex-justify-content-center fusion-content-layout-column\" style=\"background-image: url(&#039;https:\/\/www.nuriacarmona.es\/libro\/wp-content\/uploads\/2021\/02\/NURIA-CARMONA-1-scaled.jpg&#039;);background-position:center center;background-repeat:no-repeat;-webkit-background-size:cover;-moz-background-size:cover;-o-background-size:cover;background-size:cover;padding: 0px 0px 0px 0px;\" data-bg-url=\"https:\/\/www.nuriacarmona.es\/libro\/wp-content\/uploads\/2021\/02\/NURIA-CARMONA-1-scaled.jpg\"><\/div><\/div><style type=\"text\/css\">.fusion-body .fusion-builder-column-4{width:50% !important;margin-top : 0px;margin-bottom : 20px;}.fusion-builder-column-4 > .fusion-column-wrapper {padding-top : 0px !important;padding-right : 0px !important;margin-right : 0px;padding-bottom : 0px !important;padding-left : 0px !important;margin-left : 0px;}@media only screen and (max-width:1024px) {.fusion-body .fusion-builder-column-4{width:100% !important;order : 0;}.fusion-builder-column-4 > .fusion-column-wrapper {padding-top : 200px !important;margin-right : 0px;padding-bottom : 200px !important;margin-left : 0px;}}@media only screen and (max-width:640px) {.fusion-body .fusion-builder-column-4{width:100% !important;order : 0;}.fusion-builder-column-4 > .fusion-column-wrapper {margin-right : 0px;margin-left : 0px;}}<\/style><div class=\"fusion-layout-column fusion_builder_column fusion-builder-column-5 fusion_builder_column_1_2 1_2 fusion-flex-column\"><div class=\"fusion-column-wrapper fusion-flex-justify-content-center fusion-content-layout-column\" style=\"background-position:left top;background-repeat:no-repeat;-webkit-background-size:cover;-moz-background-size:cover;-o-background-size:cover;background-size:cover;background-color:#f9f9f9;border-width: 0px 0 0 0;border-color:#2f576f;border-style:solid;padding: 15% 15% 15% 15%;\"><div class=\"fusion-text fusion-text-2\" style=\"transform:translate3d(0,0,0);\"><p><span style=\"font-size: 20px;\">Ahora bien, \u00bfqu\u00e9 es el liderazgo consciente?<\/span><\/p>\n<\/div><style type=\"text\/css\">@media only screen and (max-width:1024px) {.fusion-title.fusion-title-5{margin-top:0px!important;margin-bottom:31px!important;}}<\/style><div class=\"fusion-title title fusion-title-5 fusion-title-text fusion-title-size-six\" style=\"margin-top:0px;margin-bottom:31px;\"><div class=\"title-sep-container title-sep-container-left fusion-no-large-visibility fusion-no-medium-visibility fusion-no-small-visibility\"><div class=\"title-sep sep-\" style=\"border-color:#e0dede;\"><\/div><\/div><h6 class=\"title-heading-left\" style=\"margin:0;\"><strong>El liderazgo consciente es aquel que empieza en ti<\/strong>, desde tu autoconocimiento, para ayudarte a identificar c\u00f3mo quieres inspirar, guiar y motivar a tu entorno.<\/p>\n<p>\u00bfY por qu\u00e9 es consciente? Porque cuando sientes, piensas y act\u00faas con pleno conocimiento, entonces tienes el poder de ejercer el liderazgo que t\u00fa misma decidas: el que se adapte al 100% a tu forma de entender tu profesi\u00f3n y tu vida.<\/h6><div class=\"title-sep-container title-sep-container-right\"><div class=\"title-sep sep-\" style=\"border-color:#e0dede;\"><\/div><\/div><\/div><div class=\"fusion-separator fusion-full-width-sep\" style=\"align-self: center;margin-left: auto;margin-right: auto;margin-top:25px;width:100%;\"><\/div><div ><style type=\"text\/css\">.fusion-button.button-2 {border-radius:2px;}<\/style><a class=\"fusion-button button-flat button-xlarge button-default button-2 fusion-button-span-yes fusion-button-default-type\" target=\"_blank\" rel=\"noopener noreferrer\" href=\"https:\/\/www.nuriacarmona.es\/libro\/producto\/liderazgo-consciente-para-profesionales-inquietas\/\"><i class=\"fa-rocket fas button-icon-left\" aria-hidden=\"true\"><\/i><span class=\"fusion-button-text\">Comprar libro<\/span><\/a><\/div><\/div><\/div><style type=\"text\/css\">.fusion-body .fusion-builder-column-5{width:50% !important;margin-top : 0px;margin-bottom : 20px;}.fusion-builder-column-5 > .fusion-column-wrapper {padding-top : 15% !important;padding-right : 15% !important;margin-right : 0px;padding-bottom : 15% !important;padding-left : 15% !important;margin-left : 0px;}@media only screen and (max-width:1024px) {.fusion-body .fusion-builder-column-5{width:100% !important;}.fusion-builder-column-5 > .fusion-column-wrapper {padding-top : 80px !important;padding-right : 60px !important;margin-right : 0px;padding-bottom : 80px !important;padding-left : 60px !important;margin-left : 0px;}}@media only screen and (max-width:640px) {.fusion-body .fusion-builder-column-5{width:100% !important;}.fusion-builder-column-5 > .fusion-column-wrapper {margin-right : 0px;margin-left : 0px;}}<\/style><\/div><style type=\"text\/css\">.fusion-body .fusion-flex-container.fusion-builder-row-4{ padding-top : 70px;margin-top : 0px;padding-right : 0px;padding-bottom : 60px;margin-bottom : 0px;padding-left : 0px;}@media only screen and (max-width:640px) {.fusion-body .fusion-flex-container.fusion-builder-row-4{ padding-bottom : 80px;}}<\/style><\/div><div class=\"fusion-fullwidth fullwidth-box fusion-builder-row-5 fusion-flex-container nonhundred-percent-fullwidth non-hundred-percent-height-scrolling\" style=\"background-color: rgba(255,255,255,0);background-position: center center;background-repeat: no-repeat;border-width: 0px 0px 0px 0px;border-color:#eae9e9;border-style:solid;\" ><div class=\"fusion-builder-row fusion-row fusion-flex-align-items-flex-start\" style=\"max-width:1216.8px;margin-left: calc(-4% \/ 2 );margin-right: calc(-4% \/ 2 );\"><div class=\"fusion-layout-column fusion_builder_column fusion-builder-column-6 fusion_builder_column_1_4 1_4 fusion-flex-column\"><div class=\"fusion-column-wrapper fusion-flex-justify-content-flex-start fusion-content-layout-column\" style=\"background-position:left top;background-repeat:no-repeat;-webkit-background-size:cover;-moz-background-size:cover;-o-background-size:cover;background-size:cover;padding: 0px 0px 0px 0px;\"><i class=\"fb-icon-element-1 fb-icon-element fontawesome-icon fa-user-check fas circle-yes\" style=\"font-size:28.16px;line-height:56.32px;height:56.32px;width:56.32px;border-width:0px;align-self:center;\"><\/i><style>i.fb-icon-element.fontawesome-icon.fb-icon-element-1{ color: #ffffff; background-color: #f5cf55; border-color: #333333;}i.fb-icon-element.fontawesome-icon.fb-icon-element-1:hover { color: #ffffff; background-color: #333333; border-color: #333333;}<\/style><div class=\"fusion-text fusion-text-3\" style=\"transform:translate3d(0,0,0);\"><p style=\"text-align: center;\"><span style=\"font-size: 20px;\">Con\u00f3cete<\/span><\/p>\n<p style=\"text-align: center;\"><strong>Cambia de mentalidad y crea tu realidad<\/strong>. En este bloque comprender\u00e1s qu\u00e9 es el \u00e9xito para ti, cu\u00e1les son los l\u00edmites que te impiden avanzar como te gustar\u00eda, y c\u00f3mo es esa l\u00edder que t\u00fa quieres ser.<\/p>\n<\/div><\/div><\/div><style type=\"text\/css\">.fusion-body .fusion-builder-column-6{width:25% !important;margin-top : 0px;margin-bottom : 20px;}.fusion-builder-column-6 > .fusion-column-wrapper {padding-top : 0px !important;padding-right : 0px !important;margin-right : 7.68%;padding-bottom : 0px !important;padding-left : 0px !important;margin-left : 7.68%;}@media only screen and (max-width:1024px) {.fusion-body .fusion-builder-column-6{width:100% !important;order : 0;}.fusion-builder-column-6 > .fusion-column-wrapper {margin-right : 1.92%;margin-left : 1.92%;}}@media only screen and (max-width:640px) {.fusion-body .fusion-builder-column-6{width:100% !important;order : 0;}.fusion-builder-column-6 > .fusion-column-wrapper {margin-right : 1.92%;margin-left : 1.92%;}}<\/style><div class=\"fusion-layout-column fusion_builder_column fusion-builder-column-7 fusion_builder_column_1_4 1_4 fusion-flex-column\"><div class=\"fusion-column-wrapper fusion-flex-justify-content-flex-start fusion-content-layout-column\" style=\"background-position:left top;background-repeat:no-repeat;-webkit-background-size:cover;-moz-background-size:cover;-o-background-size:cover;background-size:cover;padding: 0px 0px 0px 0px;\"><i class=\"fb-icon-element-2 fb-icon-element fontawesome-icon fa-tasks fas circle-yes\" style=\"font-size:28.16px;line-height:56.32px;height:56.32px;width:56.32px;border-width:0px;align-self:center;\"><\/i><style>i.fb-icon-element.fontawesome-icon.fb-icon-element-2{ color: #ffffff; background-color: #f5cf55; border-color: #333333;}i.fb-icon-element.fontawesome-icon.fb-icon-element-2:hover { color: #ffffff; background-color: #333333; border-color: #333333;}<\/style><div class=\"fusion-text fusion-text-4\" style=\"transform:translate3d(0,0,0);\"><p style=\"text-align: center;\"><span style=\"font-size: 20px;\">Gesti\u00f3nate<\/span><\/p>\n<p style=\"text-align: center;\"><strong>Reconoce, entiende y maneja tus emociones<\/strong>. Cuidar tu salud emocional es cuidar, tambi\u00e9n, tu liderazgo. Por eso, en este bloque aprender\u00e1s a gestionar tus propias emociones, y a identificar y reconocer mejor las de tu equipo.<\/p>\n<\/div><\/div><\/div><style type=\"text\/css\">.fusion-body .fusion-builder-column-7{width:25% !important;margin-top : 0px;margin-bottom : 20px;}.fusion-builder-column-7 > .fusion-column-wrapper {padding-top : 0px !important;padding-right : 0px !important;margin-right : 7.68%;padding-bottom : 0px !important;padding-left : 0px !important;margin-left : 7.68%;}@media only screen and (max-width:1024px) {.fusion-body .fusion-builder-column-7{width:100% !important;order : 0;}.fusion-builder-column-7 > .fusion-column-wrapper {margin-right : 1.92%;margin-left : 1.92%;}}@media only screen and (max-width:640px) {.fusion-body .fusion-builder-column-7{width:100% !important;order : 0;}.fusion-builder-column-7 > .fusion-column-wrapper {margin-right : 1.92%;margin-left : 1.92%;}}<\/style><div class=\"fusion-layout-column fusion_builder_column fusion-builder-column-8 fusion_builder_column_1_4 1_4 fusion-flex-column\"><div class=\"fusion-column-wrapper fusion-flex-justify-content-flex-start fusion-content-layout-column\" style=\"background-position:left top;background-repeat:no-repeat;-webkit-background-size:cover;-moz-background-size:cover;-o-background-size:cover;background-size:cover;padding: 0px 0px 0px 0px;\"><i class=\"fb-icon-element-3 fb-icon-element fontawesome-icon fa-rocket fas circle-yes\" style=\"font-size:28.16px;line-height:56.32px;height:56.32px;width:56.32px;border-width:0px;align-self:center;\"><\/i><style>i.fb-icon-element.fontawesome-icon.fb-icon-element-3{ color: #ffffff; background-color: #f5cf55; border-color: #333333;}i.fb-icon-element.fontawesome-icon.fb-icon-element-3:hover { color: #ffffff; background-color: #333333; border-color: #333333;}<\/style><div class=\"fusion-text fusion-text-5\" style=\"transform:translate3d(0,0,0);\"><p style=\"text-align: center;\"><span style=\"font-size: 20px;\">Proy\u00e9ctate<\/span><\/p>\n<p style=\"text-align: center;\"><strong>Potencia y proyecta tu liderazgo a trav\u00e9s de tu imagen<\/strong>. No hay segundas oportunidades para una primera impresi\u00f3n. Por eso, en este bloque conocer\u00e1s c\u00f3mo alinear tu imagen con tus valores y tu estilo de liderazgo, para que te ayude a alcanzar tus objetivos profesionales siendo t\u00fa misma.<\/p>\n<\/div><\/div><\/div><style type=\"text\/css\">.fusion-body .fusion-builder-column-8{width:25% !important;margin-top : 0px;margin-bottom : 20px;}.fusion-builder-column-8 > .fusion-column-wrapper {padding-top : 0px !important;padding-right : 0px !important;margin-right : 7.68%;padding-bottom : 0px !important;padding-left : 0px !important;margin-left : 7.68%;}@media only screen and (max-width:1024px) {.fusion-body .fusion-builder-column-8{width:100% !important;order : 0;}.fusion-builder-column-8 > .fusion-column-wrapper {margin-right : 1.92%;margin-left : 1.92%;}}@media only screen and (max-width:640px) {.fusion-body .fusion-builder-column-8{width:100% !important;order : 0;}.fusion-builder-column-8 > .fusion-column-wrapper {margin-right : 1.92%;margin-left : 1.92%;}}<\/style><div class=\"fusion-layout-column fusion_builder_column fusion-builder-column-9 fusion_builder_column_1_4 1_4 fusion-flex-column\"><div class=\"fusion-column-wrapper fusion-flex-justify-content-flex-start fusion-content-layout-column\" style=\"background-position:left top;background-repeat:no-repeat;-webkit-background-size:cover;-moz-background-size:cover;-o-background-size:cover;background-size:cover;padding: 0px 0px 0px 0px;\"><i class=\"fb-icon-element-4 fb-icon-element fontawesome-icon fa-calendar-alt fas circle-yes\" style=\"font-size:28.16px;line-height:56.32px;height:56.32px;width:56.32px;border-width:0px;align-self:center;\"><\/i><style>i.fb-icon-element.fontawesome-icon.fb-icon-element-4{ color: #ffffff; background-color: #f5cf55; border-color: #333333;}i.fb-icon-element.fontawesome-icon.fb-icon-element-4:hover { color: #ffffff; background-color: #333333; border-color: #333333;}<\/style><div class=\"fusion-text fusion-text-6\" style=\"transform:translate3d(0,0,0);\"><p style=\"text-align: center;\"><span style=\"font-size: 20px;\">Planif\u00edcate<\/span><\/p>\n<p style=\"text-align: center;\"><strong>Planifica, gestiona y delega para convertirte en una l\u00edder extraordinaria<\/strong>. En este \u00faltimo bloque, y con el nuevo enfoque del liderazgo que te habr\u00e1n aportado los tres anteriores, encontrar\u00e1s las herramientas para pasar a la acci\u00f3n de forma definitiva con tu equipo o negocio.<\/p>\n<\/div><\/div><\/div><style type=\"text\/css\">.fusion-body .fusion-builder-column-9{width:25% !important;margin-top : 0px;margin-bottom : 20px;}.fusion-builder-column-9 > .fusion-column-wrapper {padding-top : 0px !important;padding-right : 0px !important;margin-right : 7.68%;padding-bottom : 0px !important;padding-left : 0px !important;margin-left : 7.68%;}@media only screen and (max-width:1024px) {.fusion-body .fusion-builder-column-9{width:100% !important;order : 0;}.fusion-builder-column-9 > .fusion-column-wrapper {margin-right : 1.92%;margin-left : 1.92%;}}@media only screen and (max-width:640px) {.fusion-body .fusion-builder-column-9{width:100% !important;order : 0;}.fusion-builder-column-9 > .fusion-column-wrapper {margin-right : 1.92%;margin-left : 1.92%;}}<\/style><\/div><style type=\"text\/css\">.fusion-body .fusion-flex-container.fusion-builder-row-5{ padding-top : 0px;margin-top : 20px;padding-right : 0px;padding-bottom : 0px;margin-bottom : 0px;padding-left : 0px;}<\/style><\/div><div class=\"fusion-fullwidth fullwidth-box fusion-builder-row-6 fusion-flex-container nonhundred-percent-fullwidth non-hundred-percent-height-scrolling\" style=\"background-color: rgba(255,255,255,0);background-position: center center;background-repeat: no-repeat;border-width: 0px 0px 0px 0px;border-color:#eae9e9;border-style:solid;\" ><div class=\"fusion-builder-row fusion-row fusion-flex-align-items-flex-start\" style=\"max-width:calc( 1170px + 0px );margin-left: calc(-0px \/ 2 );margin-right: calc(-0px \/ 2 );\"><div class=\"fusion-layout-column fusion_builder_column fusion-builder-column-10 fusion_builder_column_1_1 1_1 fusion-flex-column\"><div class=\"fusion-column-wrapper fusion-flex-justify-content-flex-start fusion-content-layout-column\" style=\"background-position:left top;background-repeat:no-repeat;-webkit-background-size:cover;-moz-background-size:cover;-o-background-size:cover;background-size:cover;background-color:#f9f9f9;border-width: 0px 0 0 0;border-color:#2f576f;border-style:solid;padding: 6% 9% 6% 9%;\"><style type=\"text\/css\">@media only screen and (max-width:1024px) {.fusion-title.fusion-title-6{margin-top:30px!important;margin-bottom:12px!important;}}<\/style><div class=\"fusion-title title fusion-title-6 fusion-title-text fusion-title-size-three\" style=\"margin-top:30px;margin-bottom:12px;\"><div class=\"title-sep-container title-sep-container-left fusion-no-large-visibility fusion-no-medium-visibility fusion-no-small-visibility\"><div class=\"title-sep sep-\" style=\"border-color:#e0dede;\"><\/div><\/div><h3 class=\"title-heading-left\" style=\"margin:0;\"><p style=\"text-align: center;\">Liderazgo consciente para profesionales inquietas es un libro con un enfoque pr\u00e1ctico y ejercicios motivadores<\/p><\/h3><div class=\"title-sep-container title-sep-container-right\"><div class=\"title-sep sep-\" style=\"border-color:#e0dede;\"><\/div><\/div><\/div><div class=\"fusion-text fusion-text-7\" style=\"transform:translate3d(0,0,0);\"><h6 style=\"text-align: center;\">Adem\u00e1s, al llevarte el libro tambi\u00e9n tendr\u00e1s acceso a materiales extra: v\u00eddeos, gu\u00edas y meditaciones en formato audio<\/h6>\n<\/div><div style=\"text-align:center;\"><style type=\"text\/css\">.fusion-button.button-3 {border-radius:2px;}<\/style><a class=\"fusion-button button-flat button-large button-default button-3 fusion-button-default-span fusion-button-default-type\" target=\"_self\" href=\"https:\/\/www.nuriacarmona.es\/libro\/producto\/liderazgo-consciente-para-profesionales-inquietas\/\"><span class=\"fusion-button-text\">Comprar libro ahora<\/span><\/a><\/div><\/div><\/div><style type=\"text\/css\">.fusion-body .fusion-builder-column-10{width:100% !important;margin-top : 0px;margin-bottom : 0px;}.fusion-builder-column-10 > .fusion-column-wrapper {padding-top : 6% !important;padding-right : 9% !important;margin-right : 0px;padding-bottom : 6% !important;padding-left : 9% !important;margin-left : 0px;}@media only screen and (max-width:1024px) {.fusion-body .fusion-builder-column-10{width:100% !important;}.fusion-builder-column-10 > .fusion-column-wrapper {margin-right : 0px;margin-left : 0px;}}@media only screen and (max-width:640px) {.fusion-body .fusion-builder-column-10{width:100% !important;}.fusion-builder-column-10 > .fusion-column-wrapper {margin-right : 0px;margin-left : 0px;}}<\/style><\/div><style type=\"text\/css\">.fusion-body .fusion-flex-container.fusion-builder-row-6{ padding-top : 90px;margin-top : 0px;padding-right : 0px;padding-bottom : 60px;margin-bottom : 0px;padding-left : 0px;}@media only screen and (max-width:1024px) {.fusion-body .fusion-flex-container.fusion-builder-row-6{ padding-top : 40px;}}<\/style><\/div><\/p>\n","protected":false},"excerpt":{"rendered":"","protected":false},"author":1,"featured_media":0,"parent":0,"menu_order":0,"comment_status":"closed","ping_status":"closed","template":"100-width.php","meta":{"footnotes":""},"class_list":["post-17","page","type-page","status-publish","hentry"],"yoast_head":"<!-- This site is optimized with the Yoast SEO plugin v15.7 - https:\/\/yoast.com\/wordpress\/plugins\/seo\/ -->\n<title>Comprar libro liderazgo consciente para profesionales inquietas - Liderazgo consciente para profesionales inquietas<\/title>\n<meta name=\"robots\" content=\"index, follow, max-snippet:-1, max-image-preview:large, max-video-preview:-1\" \/>\n<link rel=\"canonical\" href=\"https:\/\/www.nuriacarmona.es\/libro\/\" \/>\n<meta property=\"og:locale\" content=\"es_ES\" \/>\n<meta property=\"og:type\" content=\"article\" \/>\n<meta property=\"og:title\" content=\"Comprar libro liderazgo consciente para profesionales inquietas - Liderazgo consciente para profesionales inquietas\" \/>\n<meta property=\"og:url\" content=\"https:\/\/www.nuriacarmona.es\/libro\/\" \/>\n<meta property=\"og:site_name\" content=\"Liderazgo consciente para profesionales inquietas\" \/>\n<meta property=\"article:modified_time\" content=\"2021-02-17T14:49:02+00:00\" \/>\n<meta name=\"twitter:card\" content=\"summary_large_image\" \/>\n<meta name=\"twitter:label1\" content=\"Tiempo de lectura\">\n\t<meta name=\"twitter:data1\" content=\"6 minutos\">\n<script type=\"application\/ld+json\" class=\"yoast-schema-graph\">{\"@context\":\"https:\/\/schema.org\",\"@graph\":[{\"@type\":\"WebSite\",\"@id\":\"https:\/\/www.nuriacarmona.es\/libro\/#website\",\"url\":\"https:\/\/www.nuriacarmona.es\/libro\/\",\"name\":\"Liderazgo consciente para profesionales inquietas\",\"description\":\"Nuria Carmona\",\"potentialAction\":[{\"@type\":\"SearchAction\",\"target\":\"https:\/\/www.nuriacarmona.es\/libro\/?s={search_term_string}\",\"query-input\":\"required name=search_term_string\"}],\"inLanguage\":\"es\"},{\"@type\":\"WebPage\",\"@id\":\"https:\/\/www.nuriacarmona.es\/libro\/#webpage\",\"url\":\"https:\/\/www.nuriacarmona.es\/libro\/\",\"name\":\"Comprar libro liderazgo consciente para profesionales inquietas - Liderazgo consciente para profesionales inquietas\",\"isPartOf\":{\"@id\":\"https:\/\/www.nuriacarmona.es\/libro\/#website\"},\"datePublished\":\"2017-12-05T20:40:27+00:00\",\"dateModified\":\"2021-02-17T14:49:02+00:00\",\"inLanguage\":\"es\",\"potentialAction\":[{\"@type\":\"ReadAction\",\"target\":[\"https:\/\/www.nuriacarmona.es\/libro\/\"]}]}]}<\/script>\n<!-- \/ Yoast SEO plugin. -->","_links":{"self":[{"href":"https:\/\/www.nuriacarmona.es\/libro\/wp-json\/wp\/v2\/pages\/17","targetHints":{"allow":["GET"]}}],"collection":[{"href":"https:\/\/www.nuriacarmona.es\/libro\/wp-json\/wp\/v2\/pages"}],"about":[{"href":"https:\/\/www.nuriacarmona.es\/libro\/wp-json\/wp\/v2\/types\/page"}],"author":[{"embeddable":true,"href":"https:\/\/www.nuriacarmona.es\/libro\/wp-json\/wp\/v2\/users\/1"}],"replies":[{"embeddable":true,"href":"https:\/\/www.nuriacarmona.es\/libro\/wp-json\/wp\/v2\/comments?post=17"}],"version-history":[{"count":44,"href":"https:\/\/www.nuriacarmona.es\/libro\/wp-json\/wp\/v2\/pages\/17\/revisions"}],"predecessor-version":[{"id":492,"href":"https:\/\/www.nuriacarmona.es\/libro\/wp-json\/wp\/v2\/pages\/17\/revisions\/492"}],"wp:attachment":[{"href":"https:\/\/www.nuriacarmona.es\/libro\/wp-json\/wp\/v2\/media?parent=17"}],"curies":[{"name":"wp","href":"https:\/\/api.w.org\/{rel}","templated":true}]}}